{"id":276930,"date":"2025-09-19T13:41:51","date_gmt":"2025-09-19T11:41:51","guid":{"rendered":"https:\/\/luba.ch\/immobilien\/1649052de-freistehende-villa-mit-panoramablick\/"},"modified":"2026-05-03T07:29:36","modified_gmt":"2026-05-03T05:29:36","slug":"1649052de-freistehende-villa-mit-panoramablick","status":"publish","type":"casawp_property","link":"https:\/\/luba.ch\/de\/immobilien\/1649052de-freistehende-villa-mit-panoramablick\/","title":{"rendered":"Freistehende Villa mit Panoramablick"},"content":{"rendered":"<h2>Einfamilienhaus mit unverbaubarer Aussicht<\/h2>\n<p>Entdecken Sie das Potenzial dieser ideal gelegenen Villa mit atemberaubendem Panoramablick auf die majest\u00e4tischen Berge.<\/p>\n<p>In unmittelbarer N\u00e4he aller wichtigen Infrastrukturen gelegen, profitieren Sie von einer guten Anbindung an Schulen, Gesch\u00e4fte, \u00f6ffentliche Verkehrsmittel und Dienstleistungen und genie\u00dfen gleichzeitig ein ruhiges und privilegiertes Wohnumfeld.<\/p>\n<p><strong>Erdgeschoss<\/strong><br \/>Eingangsbereich, K\u00fcche mit Terrasse, Wohnzimmer mit Balkon, Schlafzimmern,<br \/>Badezimmer<\/p>\n<p><strong>Untergeschoss<\/strong><br \/>Werkstatt, Heizungsraum, Waschk\u00fcche, Kellerr\u00e4ume<\/p>\n<p><strong>Nebengeb\u00e4ude<\/strong><br \/>Garage, Pavillon, Abstellraum<\/p>\n<p><strong>Hauptvorteile<br \/><\/strong>Au\u00dfergew\u00f6hnlicher Panoramablick<br \/>Gro\u00dfes Renovierungspotenzial<br \/>Strategisch g\u00fcnstige Lage<\/p>\n","protected":false},"excerpt":{"rendered":"<p>Einfamilienhaus mit unverbaubarer Aussicht Entdecken Sie das Potenzial dieser ideal gelegenen Villa mit atemberaubendem Panoramablick auf die majest\u00e4tischen Berge. In unmittelbarer N\u00e4he aller wichtigen Infrastrukturen gelegen, profitieren Sie von einer guten Anbindung an Schulen, Gesch\u00e4fte, \u00f6ffentliche Verkehrsmittel und Dienstleistungen und genie\u00dfen gleichzeitig ein ruhiges und privilegiertes Wohnumfeld. ErdgeschossEingangsbereich, K\u00fcche mit Terrasse, Wohnzimmer mit Balkon, Schlafzimmern,Badezimmer [&hellip;]<\/p>\n","protected":false},"author":0,"featured_media":276931,"parent":0,"menu_order":11,"comment_status":"closed","ping_status":"closed","template":"","meta":{"_acf_changed":false,"inline_featured_image":false,"footnotes":""},"casawp_category":[54,35],"casawp_feature":[25,11,79,24,43,52,23,48,31,22,47,44,45,50],"casawp_utility":[27],"casawp_location":[146,15,16],"casawp_salestype":[13],"casawp_availability":[14],"casawp_region":[],"class_list":["post-276930","casawp_property","type-casawp_property","status-publish","has-post-thumbnail","hentry","casawp_category-house","casawp_category-villa","casawp_feature-has-balcony","casawp_feature-has-connected-building-land","casawp_feature-has-foreign-quota","casawp_feature-has-garage","casawp_feature-has-gardenhouse","casawp_feature-has-mountain-view","casawp_feature-has-parking","casawp_feature-is-allowed-as-secondary-residency","casawp_feature-is-animal-friendly","casawp_feature-is-child-friendly","casawp_feature-is-only-allowed-as-primary-residency","casawp_feature-is-quiet","casawp_feature-is-sunny","casawp_feature-on-a-south-slope","casawp_utility-residential","casawp_location-locality_broc","casawp_location-country_ch","casawp_location-region_fr","casawp_salestype-buy","casawp_availability-active"],"acf":[],"yoast_head":"<!-- This site is optimized with the Yoast SEO plugin v27.5 - https:\/\/yoast.com\/product\/yoast-seo-wordpress\/ -->\n<title>Freistehende Villa mit Panoramablick - Luba<\/title>\n<meta name=\"robots\" content=\"index, follow, max-snippet:-1, max-image-preview:large, max-video-preview:-1\" \/>\n<link rel=\"canonical\" href=\"https:\/\/luba.ch\/immobilien\/1649052fr-villa-familiale-individuelle-avec-vue-panoramique\/\" \/>\n<meta property=\"og:locale\" content=\"de_DE\" \/>\n<meta property=\"og:type\" content=\"article\" \/>\n<meta property=\"og:title\" content=\"Freistehende Villa mit Panoramablick - Luba\" \/>\n<meta property=\"og:description\" content=\"Einfamilienhaus mit unverbaubarer Aussicht Entdecken Sie das Potenzial dieser ideal gelegenen Villa mit atemberaubendem Panoramablick auf die majest\u00e4tischen Berge. In unmittelbarer N\u00e4he aller wichtigen Infrastrukturen gelegen, profitieren Sie von einer guten Anbindung an Schulen, Gesch\u00e4fte, \u00f6ffentliche Verkehrsmittel und Dienstleistungen und genie\u00dfen gleichzeitig ein ruhiges und privilegiertes Wohnumfeld. ErdgeschossEingangsbereich, K\u00fcche mit Terrasse, Wohnzimmer mit Balkon, Schlafzimmern,Badezimmer [&hellip;]\" \/>\n<meta property=\"og:url\" content=\"https:\/\/luba.ch\/immobilien\/1649052fr-villa-familiale-individuelle-avec-vue-panoramique\/\" \/>\n<meta property=\"og:site_name\" content=\"Luba\" \/>\n<meta property=\"article:modified_time\" content=\"2026-05-03T05:29:36+00:00\" \/>\n<meta name=\"twitter:card\" content=\"summary_large_image\" \/>\n<script type=\"application\/ld+json\" class=\"yoast-schema-graph\">{\"@context\":\"https:\\\/\\\/schema.org\",\"@graph\":[{\"@type\":\"WebPage\",\"@id\":\"https:\\\/\\\/luba.ch\\\/immobilien\\\/1649052fr-villa-familiale-individuelle-avec-vue-panoramique\\\/\",\"url\":\"https:\\\/\\\/luba.ch\\\/immobilien\\\/1649052fr-villa-familiale-individuelle-avec-vue-panoramique\\\/\",\"name\":\"Freistehende Villa mit Panoramablick - Luba\",\"isPartOf\":{\"@id\":\"https:\\\/\\\/luba.ch\\\/#website\"},\"primaryImageOfPage\":{\"@id\":\"https:\\\/\\\/luba.ch\\\/immobilien\\\/1649052fr-villa-familiale-individuelle-avec-vue-panoramique\\\/#primaryimage\"},\"image\":{\"@id\":\"https:\\\/\\\/luba.ch\\\/immobilien\\\/1649052fr-villa-familiale-individuelle-avec-vue-panoramique\\\/#primaryimage\"},\"thumbnailUrl\":\"https:\\\/\\\/cdn.casasoft.com\\\/media\\\/provider-9706\\\/property-1648850\\\/3ee80ec36919852624f30d115d2c4202.jpeg?p=xl\",\"datePublished\":\"2025-09-19T11:41:51+00:00\",\"dateModified\":\"2026-05-03T05:29:36+00:00\",\"breadcrumb\":{\"@id\":\"https:\\\/\\\/luba.ch\\\/immobilien\\\/1649052fr-villa-familiale-individuelle-avec-vue-panoramique\\\/#breadcrumb\"},\"inLanguage\":\"de\",\"potentialAction\":[{\"@type\":\"ReadAction\",\"target\":[\"https:\\\/\\\/luba.ch\\\/immobilien\\\/1649052fr-villa-familiale-individuelle-avec-vue-panoramique\\\/\"]}]},{\"@type\":\"ImageObject\",\"inLanguage\":\"de\",\"@id\":\"https:\\\/\\\/luba.ch\\\/immobilien\\\/1649052fr-villa-familiale-individuelle-avec-vue-panoramique\\\/#primaryimage\",\"url\":\"https:\\\/\\\/cdn.casasoft.com\\\/media\\\/provider-9706\\\/property-1648850\\\/3ee80ec36919852624f30d115d2c4202.jpeg?p=xl\",\"contentUrl\":\"https:\\\/\\\/cdn.casasoft.com\\\/media\\\/provider-9706\\\/property-1648850\\\/3ee80ec36919852624f30d115d2c4202.jpeg?p=xl\"},{\"@type\":\"BreadcrumbList\",\"@id\":\"https:\\\/\\\/luba.ch\\\/immobilien\\\/1649052fr-villa-familiale-individuelle-avec-vue-panoramique\\\/#breadcrumb\",\"itemListElement\":[{\"@type\":\"ListItem\",\"position\":1,\"name\":\"Accueil\",\"item\":\"https:\\\/\\\/luba.ch\\\/de\\\/\"},{\"@type\":\"ListItem\",\"position\":2,\"name\":\"Propri\u00e9t\u00e9s\",\"item\":\"https:\\\/\\\/luba.ch\\\/immobilien\\\/\"},{\"@type\":\"ListItem\",\"position\":3,\"name\":\"Freistehende Villa mit Panoramablick\"}]},{\"@type\":\"WebSite\",\"@id\":\"https:\\\/\\\/luba.ch\\\/#website\",\"url\":\"https:\\\/\\\/luba.ch\\\/\",\"name\":\"Luba\",\"description\":\"Courtage &amp; Estimations Immobilie\u0300res \",\"publisher\":{\"@id\":\"https:\\\/\\\/luba.ch\\\/#organization\"},\"potentialAction\":[{\"@type\":\"SearchAction\",\"target\":{\"@type\":\"EntryPoint\",\"urlTemplate\":\"https:\\\/\\\/luba.ch\\\/?s={search_term_string}\"},\"query-input\":{\"@type\":\"PropertyValueSpecification\",\"valueRequired\":true,\"valueName\":\"search_term_string\"}}],\"inLanguage\":\"de\"},{\"@type\":\"Organization\",\"@id\":\"https:\\\/\\\/luba.ch\\\/#organization\",\"name\":\"Luba\",\"url\":\"https:\\\/\\\/luba.ch\\\/\",\"logo\":{\"@type\":\"ImageObject\",\"inLanguage\":\"de\",\"@id\":\"https:\\\/\\\/luba.ch\\\/#\\\/schema\\\/logo\\\/image\\\/\",\"url\":\"https:\\\/\\\/luba.ch\\\/wp-content\\\/uploads\\\/sites\\\/20\\\/2019\\\/05\\\/Logo-luba.svg\",\"contentUrl\":\"https:\\\/\\\/luba.ch\\\/wp-content\\\/uploads\\\/sites\\\/20\\\/2019\\\/05\\\/Logo-luba.svg\",\"caption\":\"Luba\"},\"image\":{\"@id\":\"https:\\\/\\\/luba.ch\\\/#\\\/schema\\\/logo\\\/image\\\/\"}}]}<\/script>\n<!-- \/ Yoast SEO plugin. -->","yoast_head_json":{"title":"Freistehende Villa mit Panoramablick - Luba","robots":{"index":"index","follow":"follow","max-snippet":"max-snippet:-1","max-image-preview":"max-image-preview:large","max-video-preview":"max-video-preview:-1"},"canonical":"https:\/\/luba.ch\/immobilien\/1649052fr-villa-familiale-individuelle-avec-vue-panoramique\/","og_locale":"de_DE","og_type":"article","og_title":"Freistehende Villa mit Panoramablick - Luba","og_description":"Einfamilienhaus mit unverbaubarer Aussicht Entdecken Sie das Potenzial dieser ideal gelegenen Villa mit atemberaubendem Panoramablick auf die majest\u00e4tischen Berge. In unmittelbarer N\u00e4he aller wichtigen Infrastrukturen gelegen, profitieren Sie von einer guten Anbindung an Schulen, Gesch\u00e4fte, \u00f6ffentliche Verkehrsmittel und Dienstleistungen und genie\u00dfen gleichzeitig ein ruhiges und privilegiertes Wohnumfeld. ErdgeschossEingangsbereich, K\u00fcche mit Terrasse, Wohnzimmer mit Balkon, Schlafzimmern,Badezimmer [&hellip;]","og_url":"https:\/\/luba.ch\/immobilien\/1649052fr-villa-familiale-individuelle-avec-vue-panoramique\/","og_site_name":"Luba","article_modified_time":"2026-05-03T05:29:36+00:00","twitter_card":"summary_large_image","schema":{"@context":"https:\/\/schema.org","@graph":[{"@type":"WebPage","@id":"https:\/\/luba.ch\/immobilien\/1649052fr-villa-familiale-individuelle-avec-vue-panoramique\/","url":"https:\/\/luba.ch\/immobilien\/1649052fr-villa-familiale-individuelle-avec-vue-panoramique\/","name":"Freistehende Villa mit Panoramablick - Luba","isPartOf":{"@id":"https:\/\/luba.ch\/#website"},"primaryImageOfPage":{"@id":"https:\/\/luba.ch\/immobilien\/1649052fr-villa-familiale-individuelle-avec-vue-panoramique\/#primaryimage"},"image":{"@id":"https:\/\/luba.ch\/immobilien\/1649052fr-villa-familiale-individuelle-avec-vue-panoramique\/#primaryimage"},"thumbnailUrl":"https:\/\/cdn.casasoft.com\/media\/provider-9706\/property-1648850\/3ee80ec36919852624f30d115d2c4202.jpeg?p=xl","datePublished":"2025-09-19T11:41:51+00:00","dateModified":"2026-05-03T05:29:36+00:00","breadcrumb":{"@id":"https:\/\/luba.ch\/immobilien\/1649052fr-villa-familiale-individuelle-avec-vue-panoramique\/#breadcrumb"},"inLanguage":"de","potentialAction":[{"@type":"ReadAction","target":["https:\/\/luba.ch\/immobilien\/1649052fr-villa-familiale-individuelle-avec-vue-panoramique\/"]}]},{"@type":"ImageObject","inLanguage":"de","@id":"https:\/\/luba.ch\/immobilien\/1649052fr-villa-familiale-individuelle-avec-vue-panoramique\/#primaryimage","url":"https:\/\/cdn.casasoft.com\/media\/provider-9706\/property-1648850\/3ee80ec36919852624f30d115d2c4202.jpeg?p=xl","contentUrl":"https:\/\/cdn.casasoft.com\/media\/provider-9706\/property-1648850\/3ee80ec36919852624f30d115d2c4202.jpeg?p=xl"},{"@type":"BreadcrumbList","@id":"https:\/\/luba.ch\/immobilien\/1649052fr-villa-familiale-individuelle-avec-vue-panoramique\/#breadcrumb","itemListElement":[{"@type":"ListItem","position":1,"name":"Accueil","item":"https:\/\/luba.ch\/de\/"},{"@type":"ListItem","position":2,"name":"Propri\u00e9t\u00e9s","item":"https:\/\/luba.ch\/immobilien\/"},{"@type":"ListItem","position":3,"name":"Freistehende Villa mit Panoramablick"}]},{"@type":"WebSite","@id":"https:\/\/luba.ch\/#website","url":"https:\/\/luba.ch\/","name":"Luba","description":"Courtage &amp; Estimations Immobilie\u0300res ","publisher":{"@id":"https:\/\/luba.ch\/#organization"},"potentialAction":[{"@type":"SearchAction","target":{"@type":"EntryPoint","urlTemplate":"https:\/\/luba.ch\/?s={search_term_string}"},"query-input":{"@type":"PropertyValueSpecification","valueRequired":true,"valueName":"search_term_string"}}],"inLanguage":"de"},{"@type":"Organization","@id":"https:\/\/luba.ch\/#organization","name":"Luba","url":"https:\/\/luba.ch\/","logo":{"@type":"ImageObject","inLanguage":"de","@id":"https:\/\/luba.ch\/#\/schema\/logo\/image\/","url":"https:\/\/luba.ch\/wp-content\/uploads\/sites\/20\/2019\/05\/Logo-luba.svg","contentUrl":"https:\/\/luba.ch\/wp-content\/uploads\/sites\/20\/2019\/05\/Logo-luba.svg","caption":"Luba"},"image":{"@id":"https:\/\/luba.ch\/#\/schema\/logo\/image\/"}}]}},"_links":{"self":[{"href":"https:\/\/luba.ch\/de\/wp-json\/wp\/v2\/casawp_property\/276930","targetHints":{"allow":["GET"]}}],"collection":[{"href":"https:\/\/luba.ch\/de\/wp-json\/wp\/v2\/casawp_property"}],"about":[{"href":"https:\/\/luba.ch\/de\/wp-json\/wp\/v2\/types\/casawp_property"}],"replies":[{"embeddable":true,"href":"https:\/\/luba.ch\/de\/wp-json\/wp\/v2\/comments?post=276930"}],"version-history":[{"count":0,"href":"https:\/\/luba.ch\/de\/wp-json\/wp\/v2\/casawp_property\/276930\/revisions"}],"wp:featuredmedia":[{"embeddable":true,"href":"https:\/\/luba.ch\/de\/wp-json\/wp\/v2\/media\/276931"}],"wp:attachment":[{"href":"https:\/\/luba.ch\/de\/wp-json\/wp\/v2\/media?parent=276930"}],"wp:term":[{"taxonomy":"casawp_category","embeddable":true,"href":"https:\/\/luba.ch\/de\/wp-json\/wp\/v2\/casawp_category?post=276930"},{"taxonomy":"casawp_feature","embeddable":true,"href":"https:\/\/luba.ch\/de\/wp-json\/wp\/v2\/casawp_feature?post=276930"},{"taxonomy":"casawp_utility","embeddable":true,"href":"https:\/\/luba.ch\/de\/wp-json\/wp\/v2\/casawp_utility?post=276930"},{"taxonomy":"casawp_location","embeddable":true,"href":"https:\/\/luba.ch\/de\/wp-json\/wp\/v2\/casawp_location?post=276930"},{"taxonomy":"casawp_salestype","embeddable":true,"href":"https:\/\/luba.ch\/de\/wp-json\/wp\/v2\/casawp_salestype?post=276930"},{"taxonomy":"casawp_availability","embeddable":true,"href":"https:\/\/luba.ch\/de\/wp-json\/wp\/v2\/casawp_availability?post=276930"},{"taxonomy":"casawp_region","embeddable":true,"href":"https:\/\/luba.ch\/de\/wp-json\/wp\/v2\/casawp_region?post=276930"}],"curies":[{"name":"wp","href":"https:\/\/api.w.org\/{rel}","templated":true}]}}